{"version":"1.0","provider_name":"Pressenza","provider_url":"https:\/\/www.pressenza.com\/fr\/","author_name":"Pressenza IPA","author_url":"https:\/\/www.pressenza.com\/fr\/author\/pressenza-ipa\/","title":"Mali : chronique d\u2019une recolonisation programm\u00e9e","type":"rich","width":600,"height":338,"html":"<blockquote class=\"wp-embedded-content\" data-secret=\"8qBowXM6iO\"><a href=\"https:\/\/www.pressenza.com\/fr\/2012\/04\/mali-x-chronique-dxune-recolonisation-programmee\/\">Mali : chronique d\u2019une recolonisation programm\u00e9e<\/a><\/blockquote><iframe sandbox=\"allow-scripts\" security=\"restricted\" src=\"https:\/\/www.pressenza.com\/fr\/2012\/04\/mali-x-chronique-dxune-recolonisation-programmee\/embed\/#?secret=8qBowXM6iO\" width=\"600\" height=\"338\" title=\"\u00ab\u00a0Mali : chronique d\u2019une recolonisation programm\u00e9e\u00a0\u00bb &#8212; Pressenza\" data-secret=\"8qBowXM6iO\" frameborder=\"0\" marginwidth=\"0\" marginheight=\"0\" scrolling=\"no\" class=\"wp-embedded-content\"><\/iframe><script type=\"text\/javascript\">\n\/* <![CDATA[ *\/\n\/*! This file is auto-generated *\/\n!function(d,l){\"use strict\";l.querySelector&&d.addEventListener&&\"undefined\"!=typeof URL&&(d.wp=d.wp||{},d.wp.receiveEmbedMessage||(d.wp.receiveEmbedMessage=function(e){var t=e.data;if((t||t.secret||t.message||t.value)&&!\/[^a-zA-Z0-9]\/.test(t.secret)){for(var s,r,n,a=l.querySelectorAll('iframe[data-secret=\"'+t.secret+'\"]'),o=l.querySelectorAll('blockquote[data-secret=\"'+t.secret+'\"]'),c=new RegExp(\"^https?:$\",\"i\"),i=0;i<o.length;i++)o[i].style.display=\"none\";for(i=0;i<a.length;i++)s=a[i],e.source===s.contentWindow&&(s.removeAttribute(\"style\"),\"height\"===t.message?(1e3<(r=parseInt(t.value,10))?r=1e3:~~r<200&&(r=200),s.height=r):\"link\"===t.message&&(r=new URL(s.getAttribute(\"src\")),n=new URL(t.value),c.test(n.protocol))&&n.host===r.host&&l.activeElement===s&&(d.top.location.href=t.value))}},d.addEventListener(\"message\",d.wp.receiveEmbedMessage,!1),l.addEventListener(\"DOMContentLoaded\",function(){for(var e,t,s=l.querySelectorAll(\"iframe.wp-embedded-content\"),r=0;r<s.length;r++)(t=(e=s[r]).getAttribute(\"data-secret\"))||(t=Math.random().toString(36).substring(2,12),e.src+=\"#?secret=\"+t,e.setAttribute(\"data-secret\",t)),e.contentWindow.postMessage({message:\"ready\",secret:t},\"*\")},!1)))}(window,document);\n\/* ]]> *\/\n<\/script>\n","description":"Cette proclamation a \u00e9t\u00e9 r\u00e9dig\u00e9e par des intellectuels maliens le 4 avril, donc avant \u00ab la remise du pouvoir \u00bb aux civils. Elle permet de comprendre les dessous de la situation complexe de ce pays.  \u00ab Que les ch\u00e8vres se battent entre elles dans l\u2019enclos est pr\u00e9f\u00e9rable \u00e0 l\u2019interm\u00e9diation de l\u2019hy\u00e8ne \u00bb. Proverbe bamanan."}