{"version":"1.0","provider_name":"Pressenza","provider_url":"https:\/\/www.pressenza.com\/fr\/","author_name":"Pressenza IPA","author_url":"https:\/\/www.pressenza.com\/fr\/author\/pressenza-ipa\/","title":"Le B\u00e9nin se rallie \u00e0 la Marche Mondiale.","type":"rich","width":600,"height":338,"html":"<blockquote class=\"wp-embedded-content\" data-secret=\"G4ieYC4Yuo\"><a href=\"https:\/\/www.pressenza.com\/fr\/2009\/10\/le-benin-se-rallie-a-la-marche-mondialex\/\">Le B\u00e9nin se rallie \u00e0 la Marche Mondiale.<\/a><\/blockquote><iframe sandbox=\"allow-scripts\" security=\"restricted\" src=\"https:\/\/www.pressenza.com\/fr\/2009\/10\/le-benin-se-rallie-a-la-marche-mondialex\/embed\/#?secret=G4ieYC4Yuo\" width=\"600\" height=\"338\" title=\"\u00ab\u00a0Le B\u00e9nin se rallie \u00e0 la Marche Mondiale.\u00a0\u00bb &#8212; Pressenza\" data-secret=\"G4ieYC4Yuo\" frameborder=\"0\" marginwidth=\"0\" marginheight=\"0\" scrolling=\"no\" class=\"wp-embedded-content\"><\/iframe><script type=\"text\/javascript\">\n\/* <![CDATA[ *\/\n\/*! This file is auto-generated *\/\n!function(d,l){\"use strict\";l.querySelector&&d.addEventListener&&\"undefined\"!=typeof URL&&(d.wp=d.wp||{},d.wp.receiveEmbedMessage||(d.wp.receiveEmbedMessage=function(e){var t=e.data;if((t||t.secret||t.message||t.value)&&!\/[^a-zA-Z0-9]\/.test(t.secret)){for(var s,r,n,a=l.querySelectorAll('iframe[data-secret=\"'+t.secret+'\"]'),o=l.querySelectorAll('blockquote[data-secret=\"'+t.secret+'\"]'),c=new RegExp(\"^https?:$\",\"i\"),i=0;i<o.length;i++)o[i].style.display=\"none\";for(i=0;i<a.length;i++)s=a[i],e.source===s.contentWindow&&(s.removeAttribute(\"style\"),\"height\"===t.message?(1e3<(r=parseInt(t.value,10))?r=1e3:~~r<200&&(r=200),s.height=r):\"link\"===t.message&&(r=new URL(s.getAttribute(\"src\")),n=new URL(t.value),c.test(n.protocol))&&n.host===r.host&&l.activeElement===s&&(d.top.location.href=t.value))}},d.addEventListener(\"message\",d.wp.receiveEmbedMessage,!1),l.addEventListener(\"DOMContentLoaded\",function(){for(var e,t,s=l.querySelectorAll(\"iframe.wp-embedded-content\"),r=0;r<s.length;r++)(t=(e=s[r]).getAttribute(\"data-secret\"))||(t=Math.random().toString(36).substring(2,12),e.src+=\"#?secret=\"+t,e.setAttribute(\"data-secret\",t)),e.contentWindow.postMessage({message:\"ready\",secret:t},\"*\")},!1)))}(window,document);\n\/* ]]> *\/\n<\/script>\n","description":"Le Cercle des Ouvriers humanistes du B\u00e9nin vient d\u2019adh\u00e9rer \u00e0 la Marche Mondiale et de lancer une campagne m\u00e9diatique, institutionnelle, ainsi qu\u2019aupr\u00e8s de la population : \u00ab \u2026ne serait ce que le dixi\u00e8me du budget annuel destin\u00e9 \u00e0 l\u2019armement pourrait permettre d'\u00e9radiquer la pauvret\u00e9 qui entrave le d\u00e9veloppement et qui nous rend d\u00e9pendants de l'aide de l'ext\u00e9rieur \u00bb."}