{"version":"1.0","provider_name":"Pressenza","provider_url":"https:\/\/www.pressenza.com\/es\/","author_name":"Redacci\u00f3n Madrid","author_url":"https:\/\/www.pressenza.com\/es\/author\/redaccion-madrid\/","title":"La diversidad sexual del sujeto pol\u00edtico del feminismo","type":"rich","width":600,"height":338,"html":"<blockquote class=\"wp-embedded-content\" data-secret=\"F55p1Ckrv5\"><a href=\"https:\/\/www.pressenza.com\/es\/2019\/07\/la-diversidad-sexual-del-sujeto-politico-del-feminismo\/\">La diversidad sexual del sujeto pol\u00edtico del feminismo<\/a><\/blockquote><iframe sandbox=\"allow-scripts\" security=\"restricted\" src=\"https:\/\/www.pressenza.com\/es\/2019\/07\/la-diversidad-sexual-del-sujeto-politico-del-feminismo\/embed\/#?secret=F55p1Ckrv5\" width=\"600\" height=\"338\" title=\"\u00abLa diversidad sexual del sujeto pol\u00edtico del feminismo\u00bb \u2014 Pressenza\" data-secret=\"F55p1Ckrv5\" frameborder=\"0\" marginwidth=\"0\" marginheight=\"0\" scrolling=\"no\" class=\"wp-embedded-content\"><\/iframe><script type=\"text\/javascript\">\n\/* <![CDATA[ *\/\n\/*! This file is auto-generated *\/\n!function(d,l){\"use strict\";l.querySelector&&d.addEventListener&&\"undefined\"!=typeof URL&&(d.wp=d.wp||{},d.wp.receiveEmbedMessage||(d.wp.receiveEmbedMessage=function(e){var t=e.data;if((t||t.secret||t.message||t.value)&&!\/[^a-zA-Z0-9]\/.test(t.secret)){for(var s,r,n,a=l.querySelectorAll('iframe[data-secret=\"'+t.secret+'\"]'),o=l.querySelectorAll('blockquote[data-secret=\"'+t.secret+'\"]'),c=new RegExp(\"^https?:$\",\"i\"),i=0;i<o.length;i++)o[i].style.display=\"none\";for(i=0;i<a.length;i++)s=a[i],e.source===s.contentWindow&&(s.removeAttribute(\"style\"),\"height\"===t.message?(1e3<(r=parseInt(t.value,10))?r=1e3:~~r<200&&(r=200),s.height=r):\"link\"===t.message&&(r=new URL(s.getAttribute(\"src\")),n=new URL(t.value),c.test(n.protocol))&&n.host===r.host&&l.activeElement===s&&(d.top.location.href=t.value))}},d.addEventListener(\"message\",d.wp.receiveEmbedMessage,!1),l.addEventListener(\"DOMContentLoaded\",function(){for(var e,t,s=l.querySelectorAll(\"iframe.wp-embedded-content\"),r=0;r<s.length;r++)(t=(e=s[r]).getAttribute(\"data-secret\"))||(t=Math.random().toString(36).substring(2,12),e.src+=\"#?secret=\"+t,e.setAttribute(\"data-secret\",t)),e.contentWindow.postMessage({message:\"ready\",secret:t},\"*\")},!1)))}(window,document);\n\/* ]]> *\/\n<\/script>\n","thumbnail_url":"https:\/\/www.pressenza.com\/wp-content\/uploads\/2019\/07\/Martha-Shelley.jpg","thumbnail_width":678,"thumbnail_height":381,"description":"Por Elena de Le\u00f3n. En pleno jolgorio y festejo conmemorativo de los 50 a\u00f1os del alzamiento LGTBI por sus derechos en Stonewall (NY), se nos olvida que la El lesbianismo sufre discriminaci\u00f3n dentro del mundo LGTBI, seg\u00fan Elena de Le\u00f3n"}