{"version":"1.0","provider_name":"Pressenza","provider_url":"https:\/\/www.pressenza.com\/es\/","author_name":"Radio Netherlands","author_url":"https:\/\/www.pressenza.com\/es\/author\/radio-netherlands\/","title":"Prisi\u00f3n de Guant\u00e1namo, \u00bfel mayor fracaso de Obama?","type":"rich","width":600,"height":338,"html":"<blockquote class=\"wp-embedded-content\" data-secret=\"WFzQxXjQuW\"><a href=\"https:\/\/www.pressenza.com\/es\/2011\/03\/prision-de-guantanamox-xel-mayor-fracaso-de-obamax\/\">Prisi\u00f3n de Guant\u00e1namo, \u00bfel mayor fracaso de Obama?<\/a><\/blockquote><iframe sandbox=\"allow-scripts\" security=\"restricted\" src=\"https:\/\/www.pressenza.com\/es\/2011\/03\/prision-de-guantanamox-xel-mayor-fracaso-de-obamax\/embed\/#?secret=WFzQxXjQuW\" width=\"600\" height=\"338\" title=\"\u00abPrisi\u00f3n de Guant\u00e1namo, \u00bfel mayor fracaso de Obama?\u00bb \u2014 Pressenza\" data-secret=\"WFzQxXjQuW\" frameborder=\"0\" marginwidth=\"0\" marginheight=\"0\" scrolling=\"no\" class=\"wp-embedded-content\"><\/iframe><script type=\"text\/javascript\">\n\/* <![CDATA[ *\/\n\/*! This file is auto-generated *\/\n!function(d,l){\"use strict\";l.querySelector&&d.addEventListener&&\"undefined\"!=typeof URL&&(d.wp=d.wp||{},d.wp.receiveEmbedMessage||(d.wp.receiveEmbedMessage=function(e){var t=e.data;if((t||t.secret||t.message||t.value)&&!\/[^a-zA-Z0-9]\/.test(t.secret)){for(var s,r,n,a=l.querySelectorAll('iframe[data-secret=\"'+t.secret+'\"]'),o=l.querySelectorAll('blockquote[data-secret=\"'+t.secret+'\"]'),c=new RegExp(\"^https?:$\",\"i\"),i=0;i<o.length;i++)o[i].style.display=\"none\";for(i=0;i<a.length;i++)s=a[i],e.source===s.contentWindow&&(s.removeAttribute(\"style\"),\"height\"===t.message?(1e3<(r=parseInt(t.value,10))?r=1e3:~~r<200&&(r=200),s.height=r):\"link\"===t.message&&(r=new URL(s.getAttribute(\"src\")),n=new URL(t.value),c.test(n.protocol))&&n.host===r.host&&l.activeElement===s&&(d.top.location.href=t.value))}},d.addEventListener(\"message\",d.wp.receiveEmbedMessage,!1),l.addEventListener(\"DOMContentLoaded\",function(){for(var e,t,s=l.querySelectorAll(\"iframe.wp-embedded-content\"),r=0;r<s.length;r++)(t=(e=s[r]).getAttribute(\"data-secret\"))||(t=Math.random().toString(36).substring(2,12),e.src+=\"#?secret=\"+t,e.setAttribute(\"data-secret\",t)),e.contentWindow.postMessage({message:\"ready\",secret:t},\"*\")},!1)))}(window,document);\n\/* ]]> *\/\n<\/script>\n","description":"El presidente de USA, Barack Obama, ha dado luz verde para que se reinicien los procesos en el centro de detenci\u00f3n de la Bah\u00eda de Guant\u00e1namo, en Cuba. Funcionarios insisten en que el presidente quiere cerrar este \u201ccomplejo de la guerra al terrorismo\u201d, pero los cr\u00edticos dicen que falt\u00f3 a su promesa electoral de suspender los procesos militares en la prisi\u00f3n y cerrarla en un a\u00f1o"}