{"version":"1.0","provider_name":"Pressenza","provider_url":"https:\/\/www.pressenza.com\/es\/","author_name":"Agencia Boliviana de Informaci\u00f3n - ABI","author_url":"https:\/\/www.pressenza.com\/es\/author\/agencia-boliviana-de-informacion-abi\/","title":"Evo Morales rechaz\u00f3 ataque a Libia","type":"rich","width":600,"height":338,"html":"<blockquote class=\"wp-embedded-content\" data-secret=\"hzxbYI3aQc\"><a href=\"https:\/\/www.pressenza.com\/es\/2011\/03\/evo-morales-rechazo-ataque-a-libia\/\">Evo Morales rechaz\u00f3 ataque a Libia<\/a><\/blockquote><iframe sandbox=\"allow-scripts\" security=\"restricted\" src=\"https:\/\/www.pressenza.com\/es\/2011\/03\/evo-morales-rechazo-ataque-a-libia\/embed\/#?secret=hzxbYI3aQc\" width=\"600\" height=\"338\" title=\"\u00abEvo Morales rechaz\u00f3 ataque a Libia\u00bb \u2014 Pressenza\" data-secret=\"hzxbYI3aQc\" frameborder=\"0\" marginwidth=\"0\" marginheight=\"0\" scrolling=\"no\" class=\"wp-embedded-content\"><\/iframe><script type=\"text\/javascript\">\n\/* <![CDATA[ *\/\n\/*! This file is auto-generated *\/\n!function(d,l){\"use strict\";l.querySelector&&d.addEventListener&&\"undefined\"!=typeof URL&&(d.wp=d.wp||{},d.wp.receiveEmbedMessage||(d.wp.receiveEmbedMessage=function(e){var t=e.data;if((t||t.secret||t.message||t.value)&&!\/[^a-zA-Z0-9]\/.test(t.secret)){for(var s,r,n,a=l.querySelectorAll('iframe[data-secret=\"'+t.secret+'\"]'),o=l.querySelectorAll('blockquote[data-secret=\"'+t.secret+'\"]'),c=new RegExp(\"^https?:$\",\"i\"),i=0;i<o.length;i++)o[i].style.display=\"none\";for(i=0;i<a.length;i++)s=a[i],e.source===s.contentWindow&&(s.removeAttribute(\"style\"),\"height\"===t.message?(1e3<(r=parseInt(t.value,10))?r=1e3:~~r<200&&(r=200),s.height=r):\"link\"===t.message&&(r=new URL(s.getAttribute(\"src\")),n=new URL(t.value),c.test(n.protocol))&&n.host===r.host&&l.activeElement===s&&(d.top.location.href=t.value))}},d.addEventListener(\"message\",d.wp.receiveEmbedMessage,!1),l.addEventListener(\"DOMContentLoaded\",function(){for(var e,t,s=l.querySelectorAll(\"iframe.wp-embedded-content\"),r=0;r<s.length;r++)(t=(e=s[r]).getAttribute(\"data-secret\"))||(t=Math.random().toString(36).substring(2,12),e.src+=\"#?secret=\"+t,e.setAttribute(\"data-secret\",t)),e.contentWindow.postMessage({message:\"ready\",secret:t},\"*\")},!1)))}(window,document);\n\/* ]]> *\/\n<\/script>\n","description":"El presidente boliviano Evo Morales rechaz\u00f3 hoy la operaci\u00f3n militar contra Libia, que comenz\u00f3 este s\u00e1bado con el ataque de la aviaci\u00f3n francesa. Seg\u00fan Morales, las acciones contra Tr\u00edpoli violan los derechos humanos y generan violencia. Durante la inauguraci\u00f3n del tercer encuentro de la comisi\u00f3n social del ALBA afirm\u00f3 que el inter\u00e9s de las potencias es adue\u00f1arse del petr\u00f3leo"}