{"version":"1.0","provider_name":"Pressenza","provider_url":"https:\/\/www.pressenza.com\/es\/","author_name":"Radio Netherlands","author_url":"https:\/\/www.pressenza.com\/es\/author\/radio-netherlands\/","title":"Contin\u00faan las manifestaciones en Yemen","type":"rich","width":600,"height":338,"html":"<blockquote class=\"wp-embedded-content\" data-secret=\"L2h4tzLVlF\"><a href=\"https:\/\/www.pressenza.com\/es\/2011\/02\/continuan-las-manifestaciones-en-yemen\/\">Contin\u00faan las manifestaciones en Yemen<\/a><\/blockquote><iframe sandbox=\"allow-scripts\" security=\"restricted\" src=\"https:\/\/www.pressenza.com\/es\/2011\/02\/continuan-las-manifestaciones-en-yemen\/embed\/#?secret=L2h4tzLVlF\" width=\"600\" height=\"338\" title=\"\u00abContin\u00faan las manifestaciones en Yemen\u00bb \u2014 Pressenza\" data-secret=\"L2h4tzLVlF\" frameborder=\"0\" marginwidth=\"0\" marginheight=\"0\" scrolling=\"no\" class=\"wp-embedded-content\"><\/iframe><script type=\"text\/javascript\">\n\/* <![CDATA[ *\/\n\/*! This file is auto-generated *\/\n!function(d,l){\"use strict\";l.querySelector&&d.addEventListener&&\"undefined\"!=typeof URL&&(d.wp=d.wp||{},d.wp.receiveEmbedMessage||(d.wp.receiveEmbedMessage=function(e){var t=e.data;if((t||t.secret||t.message||t.value)&&!\/[^a-zA-Z0-9]\/.test(t.secret)){for(var s,r,n,a=l.querySelectorAll('iframe[data-secret=\"'+t.secret+'\"]'),o=l.querySelectorAll('blockquote[data-secret=\"'+t.secret+'\"]'),c=new RegExp(\"^https?:$\",\"i\"),i=0;i<o.length;i++)o[i].style.display=\"none\";for(i=0;i<a.length;i++)s=a[i],e.source===s.contentWindow&&(s.removeAttribute(\"style\"),\"height\"===t.message?(1e3<(r=parseInt(t.value,10))?r=1e3:~~r<200&&(r=200),s.height=r):\"link\"===t.message&&(r=new URL(s.getAttribute(\"src\")),n=new URL(t.value),c.test(n.protocol))&&n.host===r.host&&l.activeElement===s&&(d.top.location.href=t.value))}},d.addEventListener(\"message\",d.wp.receiveEmbedMessage,!1),l.addEventListener(\"DOMContentLoaded\",function(){for(var e,t,s=l.querySelectorAll(\"iframe.wp-embedded-content\"),r=0;r<s.length;r++)(t=(e=s[r]).getAttribute(\"data-secret\"))||(t=Math.random().toString(36).substring(2,12),e.src+=\"#?secret=\"+t,e.setAttribute(\"data-secret\",t)),e.contentWindow.postMessage({message:\"ready\",secret:t},\"*\")},!1)))}(window,document);\n\/* ]]> *\/\n<\/script>\n","description":"La muerte de dos manifestantes en Yemen reforz\u00f3 la determinaci\u00f3n de los opositores al r\u00e9gimen. Los fallecidos fueron v\u00edctimas de un ataque de partidarios del presidente Al\u00ed Abdal\u00e1 Saleh contra una sentada en San\u00e1, la capital del pa\u00eds. Este mi\u00e9rcoles, el partido oficialista Congreso General del Pueblo aplaz\u00f3 una contramanifestaci\u00f3n a causa de la muerte de esos dos opositores."}